{"id":3879,"date":"2026-03-25T10:31:27","date_gmt":"2026-03-25T10:31:27","guid":{"rendered":"https:\/\/proyecto115.adgencypixel.com\/?page_id=3879"},"modified":"2026-04-07T08:27:25","modified_gmt":"2026-04-07T08:27:25","slug":"politica-de-privacidad","status":"publish","type":"page","link":"https:\/\/proyecto115.adgencypixel.com\/index.php\/politica-de-privacidad\/","title":{"rendered":"Pol\u00edtica de Privacidad"},"content":{"rendered":"\t\t<div data-elementor-type=\"wp-page\" data-elementor-id=\"3879\" class=\"elementor elementor-3879\" data-elementor-post-type=\"page\">\n\t\t\t\t<div class=\"elementor-element elementor-element-1abe84f e-flex e-con-boxed lakit-col-width-auto-no e-container e-root-container elementor-top-section e-con e-parent\" data-id=\"1abe84f\" data-element_type=\"container\" data-e-type=\"container\" data-settings=\"{&quot;background_background&quot;:&quot;classic&quot;}\">\n\t\t\t\t\t<div class=\"e-con-inner\">\n\t\t\t\t\t<\/div>\n\t\t\t\t<\/div>\n\t\t<div class=\"elementor-element elementor-element-a59d501 e-flex e-con-boxed lakit-col-width-auto-no e-container e-root-container elementor-top-section e-con e-parent\" data-id=\"a59d501\" data-element_type=\"container\" data-e-type=\"container\">\n\t\t\t\t\t<div class=\"e-con-inner\">\n\t\t\t\t<div class=\"elementor-element elementor-element-ef5881e elementor-widget elementor-widget-heading\" data-id=\"ef5881e\" data-element_type=\"widget\" data-e-type=\"widget\" data-widget_type=\"heading.default\">\n\t\t\t\t\t<h2 class=\"elementor-heading-title elementor-size-default\">Pol\u00edtica de Privacidad<\/h2>\t\t\t\t<\/div>\n\t\t\t\t<div class=\"elementor-element elementor-element-1d556d8 elementor-widget elementor-widget-text-editor\" data-id=\"1d556d8\" data-element_type=\"widget\" data-e-type=\"widget\" data-widget_type=\"text-editor.default\">\n\t\t\t\t\t\t\t\t\t<p data-start=\"312\" data-end=\"757\">En cumplimiento de lo dispuesto en la normativa vigente en materia de protecci\u00f3n de datos personales, y en particular en el <strong data-start=\"436\" data-end=\"532\">Reglamento (UE) 2016\/679 del Parlamento Europeo y del Consejo, de 27 de abril de 2016 (RGPD)<\/strong>, as\u00ed como en la <strong data-start=\"549\" data-end=\"673\">Ley Org\u00e1nica 3\/2018, de 5 de diciembre, de Protecci\u00f3n de Datos Personales y garant\u00eda de los derechos digitales (LOPDGDD)<\/strong>, se informa a los usuarios de este sitio web de la presente Pol\u00edtica de Privacidad.<\/p><h2 data-section-id=\"kt5j8d\" data-start=\"759\" data-end=\"792\">1. Responsable del tratamiento<\/h2><p data-start=\"794\" data-end=\"941\"><strong data-start=\"794\" data-end=\"816\">Fundaci\u00f3n JYR 1961<\/strong><br data-start=\"816\" data-end=\"819\" \/><strong data-start=\"819\" data-end=\"840\">Domicilio social:<\/strong> Calle Poeta Juan Ram\u00f3n Jim\u00e9nez, 2 (Esquina con Avenida del Brillante, 89), 14012, C\u00f3rdoba, Espa\u00f1a.<\/p><p data-start=\"943\" data-end=\"971\">En adelante, \u201cla Fundaci\u00f3n\u201d.<\/p><h2 data-section-id=\"9tuxnu\" data-start=\"973\" data-end=\"1017\">2. Finalidad del tratamiento de los datos<\/h2><p data-start=\"1019\" data-end=\"1142\">Los datos personales que el usuario facilite a trav\u00e9s de este sitio web podr\u00e1n ser tratados con las siguientes finalidades:<\/p><ul data-start=\"1144\" data-end=\"1663\"><li data-section-id=\"10552nq\" data-start=\"1144\" data-end=\"1234\">Atender solicitudes de informaci\u00f3n, consultas o comunicaciones remitidas por el usuario.<\/li><li data-section-id=\"dbuc0i\" data-start=\"1235\" data-end=\"1358\">Gestionar la relaci\u00f3n con colaboradores, donantes, voluntarios o personas interesadas en las actividades de la Fundaci\u00f3n.<\/li><li data-section-id=\"s2c2ig\" data-start=\"1359\" data-end=\"1469\">Tramitar solicitudes relacionadas con programas, becas, iniciativas o proyectos promovidos por la Fundaci\u00f3n.<\/li><li data-section-id=\"1uw1gmj\" data-start=\"1470\" data-end=\"1597\">Enviar comunicaciones informativas relacionadas con la actividad fundacional, siempre que exista base legitimadora para ello.<\/li><li data-section-id=\"ye0p1p\" data-start=\"1598\" data-end=\"1663\">Cumplir con las obligaciones legales aplicables a la Fundaci\u00f3n.<\/li><\/ul><h2 data-section-id=\"gslv3p\" data-start=\"1665\" data-end=\"1691\">3. Datos que se recogen<\/h2><p data-start=\"1693\" data-end=\"1812\">La Fundaci\u00f3n podr\u00e1 recoger y tratar las siguientes categor\u00edas de datos, seg\u00fan el uso que el usuario haga del sitio web:<\/p><ul data-start=\"1814\" data-end=\"2052\"><li data-section-id=\"2btlfx\" data-start=\"1814\" data-end=\"1863\">Datos identificativos, como nombre y apellidos.<\/li><li data-section-id=\"5norpf\" data-start=\"1864\" data-end=\"1920\">Datos de contacto, como correo electr\u00f3nico o tel\u00e9fono.<\/li><li data-section-id=\"1v1lefi\" data-start=\"1921\" data-end=\"2052\">Cualquier otro dato que el usuario facilite voluntariamente mediante formularios, correo electr\u00f3nico u otros canales de contacto.<\/li><\/ul><p data-start=\"2054\" data-end=\"2205\">La Fundaci\u00f3n solicita que los datos facilitados sean adecuados, pertinentes, actualizados y estrictamente necesarios para la finalidad correspondiente.<\/p><h2 data-section-id=\"176gpu6\" data-start=\"2207\" data-end=\"2242\">4. Base jur\u00eddica del tratamiento<\/h2><p data-start=\"2244\" data-end=\"2351\">El tratamiento de los datos personales se realiza sobre la base de alguna de las siguientes legitimaciones:<\/p><ul data-start=\"2353\" data-end=\"2904\"><li data-section-id=\"4g77x5\" data-start=\"2353\" data-end=\"2490\">El <strong data-start=\"2358\" data-end=\"2376\">consentimiento<\/strong> del interesado, cuando realiza una solicitud, rellena un formulario o acepta expresamente recibir comunicaciones.<\/li><li data-section-id=\"buappg\" data-start=\"2491\" data-end=\"2636\">La <strong data-start=\"2496\" data-end=\"2554\">ejecuci\u00f3n de una relaci\u00f3n precontractual o contractual<\/strong>, cuando el tratamiento sea necesario para gestionar una solicitud o colaboraci\u00f3n.<\/li><li data-section-id=\"1rt1psv\" data-start=\"2637\" data-end=\"2709\">El <strong data-start=\"2642\" data-end=\"2682\">cumplimiento de obligaciones legales<\/strong> aplicables a la Fundaci\u00f3n.<\/li><li data-section-id=\"1y5xooh\" data-start=\"2710\" data-end=\"2904\">El <strong data-start=\"2715\" data-end=\"2735\">inter\u00e9s leg\u00edtimo<\/strong> de la Fundaci\u00f3n, cuando proceda, para la correcta gesti\u00f3n de sus actividades y comunicaciones institucionales, siempre respetando los derechos y libertades del usuario.<\/li><\/ul><h2 data-section-id=\"1cn3f7o\" data-start=\"2906\" data-end=\"2937\">5. Conservaci\u00f3n de los datos<\/h2><p data-start=\"2939\" data-end=\"3170\">Los datos personales se conservar\u00e1n durante el tiempo estrictamente necesario para cumplir la finalidad para la que fueron recabados y, posteriormente, durante los plazos legalmente exigidos para atender posibles responsabilidades.<\/p><p data-start=\"3172\" data-end=\"3386\">Cuando el tratamiento est\u00e9 basado en el consentimiento, los datos se conservar\u00e1n hasta que el interesado solicite su supresi\u00f3n o retire dicho consentimiento, sin que ello afecte a la licitud del tratamiento previo.<\/p><h2 data-section-id=\"1dafy9f\" data-start=\"3388\" data-end=\"3420\">6. Destinatarios de los datos<\/h2><p data-start=\"3422\" data-end=\"3623\">Con car\u00e1cter general, los datos personales no ser\u00e1n cedidos a terceros, salvo obligaci\u00f3n legal o cuando sea necesario para la correcta prestaci\u00f3n de servicios vinculados a la actividad de la Fundaci\u00f3n.<\/p><p data-start=\"3625\" data-end=\"3864\">Podr\u00e1n tener acceso a los datos determinados proveedores que presten servicios auxiliares a la Fundaci\u00f3n, actuando en calidad de encargados del tratamiento, con las debidas garant\u00edas de confidencialidad, seguridad y cumplimiento normativo.<\/p><h2 data-section-id=\"y7bq0w\" data-start=\"3866\" data-end=\"3908\">7. Derechos de las personas interesadas<\/h2><p data-start=\"3910\" data-end=\"4035\">El usuario puede ejercer en cualquier momento sus derechos en materia de protecci\u00f3n de datos. En particular, podr\u00e1 solicitar:<\/p><ul data-start=\"4037\" data-end=\"4573\"><li data-section-id=\"1jdplvk\" data-start=\"4037\" data-end=\"4076\">El <strong data-start=\"4042\" data-end=\"4052\">acceso<\/strong> a sus datos personales.<\/li><li data-section-id=\"1xm1zyk\" data-start=\"4077\" data-end=\"4137\">La <strong data-start=\"4082\" data-end=\"4099\">rectificaci\u00f3n<\/strong> de los datos inexactos o incompletos.<\/li><li data-section-id=\"1hn3i2w\" data-start=\"4138\" data-end=\"4266\">La <strong data-start=\"4143\" data-end=\"4156\">supresi\u00f3n<\/strong> de sus datos cuando, entre otros motivos, ya no sean necesarios para los fines para los que fueron recogidos.<\/li><li data-section-id=\"1jkbczv\" data-start=\"4267\" data-end=\"4354\">La <strong data-start=\"4272\" data-end=\"4302\">limitaci\u00f3n del tratamiento<\/strong> de sus datos en los supuestos previstos legalmente.<\/li><li data-section-id=\"8jq1g4\" data-start=\"4355\" data-end=\"4418\">La <strong data-start=\"4360\" data-end=\"4373\">oposici\u00f3n<\/strong> al tratamiento de sus datos, cuando proceda.<\/li><li data-section-id=\"j3cvld\" data-start=\"4419\" data-end=\"4476\">La <strong data-start=\"4424\" data-end=\"4440\">portabilidad<\/strong> de sus datos, cuando sea aplicable.<\/li><li data-section-id=\"1o8jq4s\" data-start=\"4477\" data-end=\"4573\">La <strong data-start=\"4482\" data-end=\"4513\">retirada del consentimiento<\/strong>, en cualquier momento, cuando el tratamiento se base en \u00e9l.<\/li><\/ul><p data-start=\"4575\" data-end=\"4756\">Para ejercer estos derechos, el interesado podr\u00e1 dirigirse a la Fundaci\u00f3n mediante comunicaci\u00f3n escrita, acompa\u00f1ando copia de un documento v\u00e1lido que permita acreditar su identidad.<\/p><p data-start=\"4758\" data-end=\"4924\">Asimismo, si considera que sus derechos no han sido debidamente atendidos, podr\u00e1 presentar una reclamaci\u00f3n ante la <strong data-start=\"4873\" data-end=\"4923\">Agencia Espa\u00f1ola de Protecci\u00f3n de Datos (AEPD)<\/strong>.<\/p><h2 data-section-id=\"hr94h\" data-start=\"4926\" data-end=\"4954\">8. Seguridad de los datos<\/h2><p data-start=\"4956\" data-end=\"5202\">La Fundaci\u00f3n adopta las medidas t\u00e9cnicas y organizativas necesarias para garantizar un nivel de seguridad adecuado al riesgo, evitando la alteraci\u00f3n, p\u00e9rdida, tratamiento o acceso no autorizado a los datos personales facilitados por los usuarios.<\/p><p data-start=\"5204\" data-end=\"5327\">No obstante, el usuario debe ser consciente de que las medidas de seguridad en Internet no son absolutamente invulnerables.<\/p><h2 data-section-id=\"lab8p1\" data-start=\"5329\" data-end=\"5357\">9. Veracidad de los datos<\/h2><p data-start=\"5359\" data-end=\"5533\">El usuario garantiza que los datos personales facilitados son veraces, exactos y est\u00e1n actualizados. Asimismo, se compromete a comunicar cualquier modificaci\u00f3n de los mismos.<\/p><p data-start=\"5535\" data-end=\"5731\">En caso de que el usuario facilite datos de terceros, declara contar con la legitimaci\u00f3n necesaria para ello y se compromete a trasladarles la informaci\u00f3n contenida en esta Pol\u00edtica de Privacidad.<\/p><h2 data-section-id=\"d9e136\" data-start=\"5733\" data-end=\"5755\">10. Menores de edad<\/h2><p data-start=\"5757\" data-end=\"6108\">Este sitio web no est\u00e1 dirigido de forma espec\u00edfica a menores de edad. En caso de que se recojan datos de menores en el marco de alguna actividad, programa o solicitud, dicho tratamiento se realizar\u00e1 con pleno respeto a la normativa aplicable y, cuando resulte necesario, con la correspondiente autorizaci\u00f3n de padres, madres o representantes legales.<\/p><h2 data-section-id=\"rwj094\" data-start=\"6110\" data-end=\"6145\">11. Enlaces a sitios de terceros<\/h2><p data-start=\"6147\" data-end=\"6427\">Este sitio web puede contener enlaces a p\u00e1ginas externas. La Fundaci\u00f3n no se responsabiliza de las pol\u00edticas de privacidad, contenidos o pr\u00e1cticas de dichos sitios ajenos, por lo que se recomienda al usuario revisar sus respectivas condiciones antes de facilitar datos personales.<\/p><h2 data-section-id=\"exrzeh\" data-start=\"6429\" data-end=\"6467\">12. Cambios en la presente pol\u00edtica<\/h2><p data-start=\"6469\" data-end=\"6644\">La Fundaci\u00f3n se reserva el derecho a modificar la presente Pol\u00edtica de Privacidad para adaptarla a novedades legislativas, jurisprudenciales o de funcionamiento del sitio web.<\/p><p data-start=\"6646\" data-end=\"6742\">En caso de que se introduzcan cambios sustanciales, estos ser\u00e1n publicados en esta misma p\u00e1gina.<\/p><h2 data-section-id=\"1dha7xi\" data-start=\"6744\" data-end=\"6759\">13. Contacto<\/h2><p data-start=\"6761\" data-end=\"6983\">Para cualquier consulta relacionada con esta Pol\u00edtica de Privacidad o con el tratamiento de sus datos personales, el usuario podr\u00e1 dirigirse a la Fundaci\u00f3n a trav\u00e9s de los canales de contacto habilitados en este sitio web.<\/p>\t\t\t\t\t\t\t\t<\/div>\n\t\t\t\t\t<\/div>\n\t\t\t\t<\/div>\n\t\t\t\t<\/div>\n\t\t","protected":false},"excerpt":{"rendered":"<p>Pol\u00edtica de Privacidad En cumplimiento de lo dispuesto en la normativa vigente en materia de protecci\u00f3n de datos personales, y en particular en el Reglamento (UE) 2016\/679 del Parlamento Europeo y del Consejo, de 27 de abril de 2016 (RGPD), as\u00ed como en la Ley Org\u00e1nica 3\/2018, de 5 de&hellip;<\/p>\n","protected":false},"author":1,"featured_media":0,"parent":0,"menu_order":0,"comment_status":"closed","ping_status":"closed","template":"","meta":{"give_campaign_id":0,"footnotes":""},"class_list":["post-3879","page","type-page","status-publish","hentry"],"campaignId":"","_links":{"self":[{"href":"https:\/\/proyecto115.adgencypixel.com\/index.php\/wp-json\/wp\/v2\/pages\/3879","targetHints":{"allow":["GET"]}}],"collection":[{"href":"https:\/\/proyecto115.adgencypixel.com\/index.php\/wp-json\/wp\/v2\/pages"}],"about":[{"href":"https:\/\/proyecto115.adgencypixel.com\/index.php\/wp-json\/wp\/v2\/types\/page"}],"author":[{"embeddable":true,"href":"https:\/\/proyecto115.adgencypixel.com\/index.php\/wp-json\/wp\/v2\/users\/1"}],"replies":[{"embeddable":true,"href":"https:\/\/proyecto115.adgencypixel.com\/index.php\/wp-json\/wp\/v2\/comments?post=3879"}],"version-history":[{"count":21,"href":"https:\/\/proyecto115.adgencypixel.com\/index.php\/wp-json\/wp\/v2\/pages\/3879\/revisions"}],"predecessor-version":[{"id":4275,"href":"https:\/\/proyecto115.adgencypixel.com\/index.php\/wp-json\/wp\/v2\/pages\/3879\/revisions\/4275"}],"wp:attachment":[{"href":"https:\/\/proyecto115.adgencypixel.com\/index.php\/wp-json\/wp\/v2\/media?parent=3879"}],"curies":[{"name":"wp","href":"https:\/\/api.w.org\/{rel}","templated":true}]}}